{"id":3551,"date":"2024-12-26T19:49:02","date_gmt":"2024-12-26T19:49:02","guid":{"rendered":"https:\/\/www.tcuido.es\/?post_type=product&#038;p=3551"},"modified":"2025-09-23T17:28:22","modified_gmt":"2025-09-23T17:28:22","slug":"baston-asiento-de-fibra-de-carbono-altura-regulable","status":"publish","type":"product","link":"https:\/\/www.tcuido.es\/en\/product\/baston-asiento-de-fibra-de-carbono-altura-regulable\/","title":{"rendered":"Carbon Fiber Seat Cane (Adjustable Height)"},"content":{"rendered":"<p><strong><span style=\"color: #97bf0d;\">CHARACTERISTICS<\/span><\/strong><\/p>\n<ul>\n<li>FUNCTIONAL: This cane with chair provides extra support when walking and at the same time allows the user to sit and rest anywhere thanks to its folding seat.<\/li>\n<li>WITH SEAT: The walking stick has a foldable seat (20 x 23 cm) that can be easily opened to use as a chair (seat height NOT adjustable: 50 cm). Once opened, the handle of the walking stick should be at the front when sitting. IMPORTANT: do not use the handle as a backrest.<\/li>\n<li>ADJUSTABLE AND FOLDABLE: This cane adapts to the user&#039;s height thanks to its 5 adjustments that allow it to be adjusted from 85 cm to 95 cm. In addition, its folding system means that the cane takes up very little space, ideal for storing it anywhere thanks to its small size and its fabric cover.<\/li>\n<li>HIGH QUALITY: Made of carbon fiber, this cane is lightweight (800 gr) and durable, perfect for everyday use. Its high-quality materials, as well as its tripod-shaped base and non-slip tips provide the user with greater comfort and safety when sitting.<\/li>\n<li>RECOMMENDED FOR: Elderly people or people with mobility problems, knee pain or those undergoing rehabilitation. Ideal for resting while waiting, in queues, travelling, etc.<\/li>\n<\/ul>\n<p>&nbsp;<\/p>\n<p><strong><span style=\"color: #97bf0d;\">TECHNICAL DETAILS<\/span><\/strong><\/p>\n<ul>\n<li>Weight: 0.8 kg<\/li>\n<li>Regulations: 5<\/li>\n<li>Seat measurements: 20\u00d723 cm<\/li>\n<li>Tube End Cap: 19 mm<\/li>\n<li>Height: 85-95 cm<\/li>\n<li>Seat Height: 50 cm<\/li>\n<li>Folded Dimensions: 43.5x23x9 cm<\/li>\n<li>Maximum User Weight: 120 kg<\/li>\n<\/ul>\n<p>&nbsp;<\/p>\n<p><span style=\"color: #97bf0d;\"><strong>ADDITIONAL INFORMATION<\/strong><\/span><\/p>\n<ul>\n<li>Material: Carbon Fiber<\/li>\n<li>Grip Material: Rubber<\/li>\n<li>Color: Black<\/li>\n<li>Grip: Soft<\/li>\n<li>Storage bag: Yes<\/li>\n<li>Hand Tape: No<\/li>\n<li>Dimmable: Yes<\/li>\n<li>Adjustable Seat: No<\/li>\n<li>Foldable: Yes<\/li>\n<\/ul>","protected":false},"excerpt":{"rendered":"<p><strong><span style=\"color: #97bf0d;\">2 IN 1<\/span><\/strong><\/p>\n<p>You can turn the cane into a chair in one movement. A seat unfolds, allowing you to rest when needed.<\/p>\n<p><strong><span style=\"color: #97bf0d;\">FIRM AND SECURE<\/span><\/strong><\/p>\n<p>It features a robust design made of carbon fiber that allows it to be used safely as a cane and as a chair. Carbon fiber makes the cane lightweight.<\/p>\n<p><strong><span style=\"color: #97bf0d;\">EASY FOLDING<\/span><\/strong><\/p>\n<p>The Walking Stick Chair has a simple folding system so that it can be used in both functions easily. In addition, when folded it has small dimensions and a bag, which allows you to transport it easily.<\/p>\n<p><strong><span style=\"color: #97bf0d;\">ADJUSTABLE HANDLE HEIGHT<\/span><\/strong><\/p>\n<p>This walking stick with seat has a height-adjustable handle. This way, you can adjust it to the desired height when using it as a walking stick. The height of the seat is NOT ADJUSTABLE and its distance from the ground is 50 cm.<\/p>","protected":false},"featured_media":3553,"template":"","meta":{"inline_featured_image":false},"product_brand":[],"product_cat":[24,21],"product_tag":[36],"class_list":{"0":"post-3551","1":"product","2":"type-product","3":"status-publish","4":"has-post-thumbnail","6":"product_cat-bastones","7":"product_cat-movilidad","8":"product_tag-kmina","10":"first","11":"instock","12":"taxable","13":"shipping-taxable","14":"purchasable","15":"product-type-simple"},"yoast_head":"<!-- This site is optimized with the Yoast SEO Premium plugin v22.6 (Yoast SEO v27.1.1) - https:\/\/yoast.com\/product\/yoast-seo-premium-wordpress\/ -->\n<title>Bast\u00f3n Asiento de Fibra de Carbono (Altura Regulable) - Tcuido<\/title>\n<meta name=\"robots\" content=\"index, follow, max-snippet:-1, max-image-preview:large, max-video-preview:-1\" \/>\n<link rel=\"canonical\" href=\"https:\/\/www.tcuido.es\/en\/product\/baston-asiento-de-fibra-de-carbono-altura-regulable\/\" \/>\n<meta property=\"og:locale\" content=\"en_GB\" \/>\n<meta property=\"og:type\" content=\"article\" \/>\n<meta property=\"og:title\" content=\"Bast\u00f3n Asiento de Fibra de Carbono (Altura Regulable)\" \/>\n<meta property=\"og:description\" content=\"2 EN 1  Puedes convertir el bast\u00f3n en silla con un solo movimiento. Se despliega un asiento que te permite descansar cuando sea necesario.  FIRME Y SEGURO  Cuenta con un dise\u00f1o robusto fabricado en fibra de carbono que permite ser usado como bast\u00f3n y como silla de forma segura. La fibra de carbono hace que el bast\u00f3n sea ligero.  F\u00c1CIL PLEGADO  El Bast\u00f3n - Silla cuenta con un sencillo sistema de plegado para poder utilizarlo en ambas funcionalidades de forma sencilla. Adem\u00e1s, plegado cuenta con unas reducidas dimensiones y una bolsa, que te permite transportarlo f\u00e1cilmente.  ALTURA DEL MANGO REGULABLE  Este bast\u00f3n con asiento tiene el mango regulable en altura . As\u00ed, puedes ajustarlo a la altura deseada en su funci\u00f3n de bast\u00f3n. La altura del asiento NO es REGULABLE regulable y su distancia al suelo es de 50 cm.\" \/>\n<meta property=\"og:url\" content=\"https:\/\/www.tcuido.es\/en\/product\/baston-asiento-de-fibra-de-carbono-altura-regulable\/\" \/>\n<meta property=\"og:site_name\" content=\"Tcuido\" \/>\n<meta property=\"article:modified_time\" content=\"2025-09-23T17:28:22+00:00\" \/>\n<meta property=\"og:image\" content=\"https:\/\/www.tcuido.es\/wp-content\/uploads\/2024\/12\/M01_C01-03_P03_ft-01.webp\" \/>\n\t<meta property=\"og:image:width\" content=\"1319\" \/>\n\t<meta property=\"og:image:height\" content=\"1420\" \/>\n\t<meta property=\"og:image:type\" content=\"image\/webp\" \/>\n<meta name=\"twitter:card\" content=\"summary_large_image\" \/>\n<meta name=\"twitter:label1\" content=\"Estimated reading time\" \/>\n\t<meta name=\"twitter:data1\" content=\"2 minutes\" \/>\n<script type=\"application\/ld+json\" class=\"yoast-schema-graph\">{\"@context\":\"https:\/\/schema.org\",\"@graph\":[{\"@type\":\"WebPage\",\"@id\":\"https:\/\/www.tcuido.es\/producto\/baston-asiento-de-fibra-de-carbono-altura-regulable\/\",\"url\":\"https:\/\/www.tcuido.es\/producto\/baston-asiento-de-fibra-de-carbono-altura-regulable\/\",\"name\":\"Bast\u00f3n Asiento de Fibra de Carbono (Altura Regulable) - Tcuido\",\"isPartOf\":{\"@id\":\"https:\/\/www.tcuido.es\/#website\"},\"primaryImageOfPage\":{\"@id\":\"https:\/\/www.tcuido.es\/producto\/baston-asiento-de-fibra-de-carbono-altura-regulable\/#primaryimage\"},\"image\":{\"@id\":\"https:\/\/www.tcuido.es\/producto\/baston-asiento-de-fibra-de-carbono-altura-regulable\/#primaryimage\"},\"thumbnailUrl\":\"https:\/\/www.tcuido.es\/wp-content\/uploads\/2024\/12\/M01_C01-03_P03_ft-01.webp\",\"datePublished\":\"2024-12-26T19:49:02+00:00\",\"dateModified\":\"2025-09-23T17:28:22+00:00\",\"breadcrumb\":{\"@id\":\"https:\/\/www.tcuido.es\/producto\/baston-asiento-de-fibra-de-carbono-altura-regulable\/#breadcrumb\"},\"inLanguage\":\"en-GB\",\"potentialAction\":[{\"@type\":\"ReadAction\",\"target\":[\"https:\/\/www.tcuido.es\/producto\/baston-asiento-de-fibra-de-carbono-altura-regulable\/\"]}]},{\"@type\":\"ImageObject\",\"inLanguage\":\"en-GB\",\"@id\":\"https:\/\/www.tcuido.es\/producto\/baston-asiento-de-fibra-de-carbono-altura-regulable\/#primaryimage\",\"url\":\"https:\/\/www.tcuido.es\/wp-content\/uploads\/2024\/12\/M01_C01-03_P03_ft-01.webp\",\"contentUrl\":\"https:\/\/www.tcuido.es\/wp-content\/uploads\/2024\/12\/M01_C01-03_P03_ft-01.webp\",\"width\":1319,\"height\":1420},{\"@type\":\"BreadcrumbList\",\"@id\":\"https:\/\/www.tcuido.es\/producto\/baston-asiento-de-fibra-de-carbono-altura-regulable\/#breadcrumb\",\"itemListElement\":[{\"@type\":\"ListItem\",\"position\":1,\"name\":\"Inicio\",\"item\":\"https:\/\/www.tcuido.es\/\"},{\"@type\":\"ListItem\",\"position\":2,\"name\":\"Tienda\",\"item\":\"https:\/\/www.tcuido.es\/tienda\/\"},{\"@type\":\"ListItem\",\"position\":3,\"name\":\"Bast\u00f3n Asiento de Fibra de Carbono (Altura Regulable)\"}]},{\"@type\":\"WebSite\",\"@id\":\"https:\/\/www.tcuido.es\/#website\",\"url\":\"https:\/\/www.tcuido.es\/\",\"name\":\"Tcuido\",\"description\":\"Servicios Integrales a la Dependencia\",\"publisher\":{\"@id\":\"https:\/\/www.tcuido.es\/#organization\"},\"potentialAction\":[{\"@type\":\"SearchAction\",\"target\":{\"@type\":\"EntryPoint\",\"urlTemplate\":\"https:\/\/www.tcuido.es\/?s={search_term_string}\"},\"query-input\":{\"@type\":\"PropertyValueSpecification\",\"valueRequired\":true,\"valueName\":\"search_term_string\"}}],\"inLanguage\":\"en-GB\"},{\"@type\":\"Organization\",\"@id\":\"https:\/\/www.tcuido.es\/#organization\",\"name\":\"Tcuido Servicios Integrales a la Dependencia\",\"url\":\"https:\/\/www.tcuido.es\/\",\"logo\":{\"@type\":\"ImageObject\",\"inLanguage\":\"en-GB\",\"@id\":\"https:\/\/www.tcuido.es\/#\/schema\/logo\/image\/\",\"url\":\"https:\/\/www.tcuido.es\/wp-content\/uploads\/2024\/03\/TCUIDO-facturas.png\",\"contentUrl\":\"https:\/\/www.tcuido.es\/wp-content\/uploads\/2024\/03\/TCUIDO-facturas.png\",\"width\":1600,\"height\":361,\"caption\":\"Tcuido Servicios Integrales a la Dependencia\"},\"image\":{\"@id\":\"https:\/\/www.tcuido.es\/#\/schema\/logo\/image\/\"}}]}<\/script>\n<!-- \/ Yoast SEO Premium plugin. -->","yoast_head_json":{"title":"Bast\u00f3n Asiento de Fibra de Carbono (Altura Regulable) - Tcuido","robots":{"index":"index","follow":"follow","max-snippet":"max-snippet:-1","max-image-preview":"max-image-preview:large","max-video-preview":"max-video-preview:-1"},"canonical":"https:\/\/www.tcuido.es\/en\/product\/baston-asiento-de-fibra-de-carbono-altura-regulable\/","og_locale":"en_GB","og_type":"article","og_title":"Bast\u00f3n Asiento de Fibra de Carbono (Altura Regulable)","og_description":"2 EN 1  Puedes convertir el bast\u00f3n en silla con un solo movimiento. Se despliega un asiento que te permite descansar cuando sea necesario.  FIRME Y SEGURO  Cuenta con un dise\u00f1o robusto fabricado en fibra de carbono que permite ser usado como bast\u00f3n y como silla de forma segura. La fibra de carbono hace que el bast\u00f3n sea ligero.  F\u00c1CIL PLEGADO  El Bast\u00f3n - Silla cuenta con un sencillo sistema de plegado para poder utilizarlo en ambas funcionalidades de forma sencilla. Adem\u00e1s, plegado cuenta con unas reducidas dimensiones y una bolsa, que te permite transportarlo f\u00e1cilmente.  ALTURA DEL MANGO REGULABLE  Este bast\u00f3n con asiento tiene el mango regulable en altura . As\u00ed, puedes ajustarlo a la altura deseada en su funci\u00f3n de bast\u00f3n. La altura del asiento NO es REGULABLE regulable y su distancia al suelo es de 50 cm.","og_url":"https:\/\/www.tcuido.es\/en\/product\/baston-asiento-de-fibra-de-carbono-altura-regulable\/","og_site_name":"Tcuido","article_modified_time":"2025-09-23T17:28:22+00:00","og_image":[{"width":1319,"height":1420,"url":"https:\/\/www.tcuido.es\/wp-content\/uploads\/2024\/12\/M01_C01-03_P03_ft-01.webp","type":"image\/webp"}],"twitter_card":"summary_large_image","twitter_misc":{"Estimated reading time":"2 minutes"},"schema":{"@context":"https:\/\/schema.org","@graph":[{"@type":"WebPage","@id":"https:\/\/www.tcuido.es\/producto\/baston-asiento-de-fibra-de-carbono-altura-regulable\/","url":"https:\/\/www.tcuido.es\/producto\/baston-asiento-de-fibra-de-carbono-altura-regulable\/","name":"Bast\u00f3n Asiento de Fibra de Carbono (Altura Regulable) - Tcuido","isPartOf":{"@id":"https:\/\/www.tcuido.es\/#website"},"primaryImageOfPage":{"@id":"https:\/\/www.tcuido.es\/producto\/baston-asiento-de-fibra-de-carbono-altura-regulable\/#primaryimage"},"image":{"@id":"https:\/\/www.tcuido.es\/producto\/baston-asiento-de-fibra-de-carbono-altura-regulable\/#primaryimage"},"thumbnailUrl":"https:\/\/www.tcuido.es\/wp-content\/uploads\/2024\/12\/M01_C01-03_P03_ft-01.webp","datePublished":"2024-12-26T19:49:02+00:00","dateModified":"2025-09-23T17:28:22+00:00","breadcrumb":{"@id":"https:\/\/www.tcuido.es\/producto\/baston-asiento-de-fibra-de-carbono-altura-regulable\/#breadcrumb"},"inLanguage":"en-GB","potentialAction":[{"@type":"ReadAction","target":["https:\/\/www.tcuido.es\/producto\/baston-asiento-de-fibra-de-carbono-altura-regulable\/"]}]},{"@type":"ImageObject","inLanguage":"en-GB","@id":"https:\/\/www.tcuido.es\/producto\/baston-asiento-de-fibra-de-carbono-altura-regulable\/#primaryimage","url":"https:\/\/www.tcuido.es\/wp-content\/uploads\/2024\/12\/M01_C01-03_P03_ft-01.webp","contentUrl":"https:\/\/www.tcuido.es\/wp-content\/uploads\/2024\/12\/M01_C01-03_P03_ft-01.webp","width":1319,"height":1420},{"@type":"BreadcrumbList","@id":"https:\/\/www.tcuido.es\/producto\/baston-asiento-de-fibra-de-carbono-altura-regulable\/#breadcrumb","itemListElement":[{"@type":"ListItem","position":1,"name":"Inicio","item":"https:\/\/www.tcuido.es\/"},{"@type":"ListItem","position":2,"name":"Tienda","item":"https:\/\/www.tcuido.es\/tienda\/"},{"@type":"ListItem","position":3,"name":"Bast\u00f3n Asiento de Fibra de Carbono (Altura Regulable)"}]},{"@type":"WebSite","@id":"https:\/\/www.tcuido.es\/#website","url":"https:\/\/www.tcuido.es\/","name":"I take care","description":"Comprehensive Dependency Services","publisher":{"@id":"https:\/\/www.tcuido.es\/#organization"},"potentialAction":[{"@type":"SearchAction","target":{"@type":"EntryPoint","urlTemplate":"https:\/\/www.tcuido.es\/?s={search_term_string}"},"query-input":{"@type":"PropertyValueSpecification","valueRequired":true,"valueName":"search_term_string"}}],"inLanguage":"en-GB"},{"@type":"Organization","@id":"https:\/\/www.tcuido.es\/#organization","name":"Tcuido Comprehensive Dependency Services","url":"https:\/\/www.tcuido.es\/","logo":{"@type":"ImageObject","inLanguage":"en-GB","@id":"https:\/\/www.tcuido.es\/#\/schema\/logo\/image\/","url":"https:\/\/www.tcuido.es\/wp-content\/uploads\/2024\/03\/TCUIDO-facturas.png","contentUrl":"https:\/\/www.tcuido.es\/wp-content\/uploads\/2024\/03\/TCUIDO-facturas.png","width":1600,"height":361,"caption":"Tcuido Servicios Integrales a la Dependencia"},"image":{"@id":"https:\/\/www.tcuido.es\/#\/schema\/logo\/image\/"}}]}},"_links":{"self":[{"href":"https:\/\/www.tcuido.es\/en\/wp-json\/wp\/v2\/product\/3551","targetHints":{"allow":["GET"]}}],"collection":[{"href":"https:\/\/www.tcuido.es\/en\/wp-json\/wp\/v2\/product"}],"about":[{"href":"https:\/\/www.tcuido.es\/en\/wp-json\/wp\/v2\/types\/product"}],"wp:featuredmedia":[{"embeddable":true,"href":"https:\/\/www.tcuido.es\/en\/wp-json\/wp\/v2\/media\/3553"}],"wp:attachment":[{"href":"https:\/\/www.tcuido.es\/en\/wp-json\/wp\/v2\/media?parent=3551"}],"wp:term":[{"taxonomy":"product_brand","embeddable":true,"href":"https:\/\/www.tcuido.es\/en\/wp-json\/wp\/v2\/product_brand?post=3551"},{"taxonomy":"product_cat","embeddable":true,"href":"https:\/\/www.tcuido.es\/en\/wp-json\/wp\/v2\/product_cat?post=3551"},{"taxonomy":"product_tag","embeddable":true,"href":"https:\/\/www.tcuido.es\/en\/wp-json\/wp\/v2\/product_tag?post=3551"}],"curies":[{"name":"wp","href":"https:\/\/api.w.org\/{rel}","templated":true}]}}